{"id":133,"date":"2021-08-16T15:33:42","date_gmt":"2021-08-16T15:33:42","guid":{"rendered":"https:\/\/grupogea.unex.es\/Brindis\/wordpress\/?page_id=133"},"modified":"2026-03-19T10:59:09","modified_gmt":"2026-03-19T10:59:09","slug":"proximos-eventos","status":"publish","type":"page","link":"https:\/\/grupogea.unex.es\/Brindis\/wordpress\/proximos-eventos\/","title":{"rendered":"Pr\u00f3ximos Eventos"},"content":{"rendered":"\n<p>Nos ponemos en marcha para la nueva temporada 2026.<\/p>\n\n\n\n<p><strong>29 de Mayo<\/strong> &#8211; Azuaga &#8211; Badabop Jazz Band. FFV en \u00abSobre la Probabil\u00eddad del viajar al pasado\u00bb, En este evento hablaremos de la historia del jazz, la ciencia y la ciencia ficci\u00f3n, de su pasado y futuro. Repasaremos algunas leyes de la probabilidad y con juegos repasaremos algunos principios de la tecnolog\u00eda actual.<\/p>\n\n\n\n<p>Y adem\u00e1s estaremos en Don \u00c1lvaro, Talaveruela De la Vera, Plasenzuela, Fuentes de Le\u00f3n&#8230;<\/p>\n\n\n\n<p class=\"has-text-align-center has-red-color has-gray-background-color has-text-color has-background has-large-font-size\"><strong>Brindis por la Ciencia Anteriores:<\/strong><\/p>\n\n\n\n<figure class=\"wp-block-image size-large is-resized\"><img loading=\"lazy\" decoding=\"async\" width=\"730\" height=\"1024\" src=\"https:\/\/grupogea.unex.es\/Brindis\/wordpress\/wp-content\/uploads\/2025\/08\/Captura-de-pantalla-2025-08-27-a-las-11.56.17-730x1024.png\" alt=\"\" class=\"wp-image-1560\" style=\"width:225px;height:auto\" srcset=\"https:\/\/grupogea.unex.es\/Brindis\/wordpress\/wp-content\/uploads\/2025\/08\/Captura-de-pantalla-2025-08-27-a-las-11.56.17-730x1024.png 730w, https:\/\/grupogea.unex.es\/Brindis\/wordpress\/wp-content\/uploads\/2025\/08\/Captura-de-pantalla-2025-08-27-a-las-11.56.17-214x300.png 214w, https:\/\/grupogea.unex.es\/Brindis\/wordpress\/wp-content\/uploads\/2025\/08\/Captura-de-pantalla-2025-08-27-a-las-11.56.17-768x1077.png 768w, https:\/\/grupogea.unex.es\/Brindis\/wordpress\/wp-content\/uploads\/2025\/08\/Captura-de-pantalla-2025-08-27-a-las-11.56.17.png 984w\" sizes=\"auto, (max-width: 730px) 100vw, 730px\" \/><\/figure>\n\n\n\n<p><strong>10 de Octubre<\/strong> &#8211; Fuentes de Le\u00f3n, Bohemia Jazz Band &#8211; FFV en \u00abHistorIA de La Habitaci\u00f3n China\u00bb.  Ademas de catar los mejores vinos y cavas de la D.O. Ribera del Guadiana, repasaremos la historia del siglo XX de la mano del Jazz y de la Inteligencia Artificial, y mediante algunos juegos con el p\u00fablico revisaremos algunas preguntas interesantes:  \u00bfTiene alg\u00fan l\u00edmite la IA? \u00bfSuperar\u00e1 a la Inteligencia Humana?  \u00bfTiene conciencia la IA?<\/p>\n\n\n\n<figure class=\"wp-block-image size-full is-resized\"><img loading=\"lazy\" decoding=\"async\" width=\"488\" height=\"692\" src=\"https:\/\/grupogea.unex.es\/Brindis\/wordpress\/wp-content\/uploads\/2025\/10\/Captura-de-pantalla-2025-10-08-a-las-11.23.55.png\" alt=\"\" class=\"wp-image-1931\" style=\"width:236px;height:auto\" srcset=\"https:\/\/grupogea.unex.es\/Brindis\/wordpress\/wp-content\/uploads\/2025\/10\/Captura-de-pantalla-2025-10-08-a-las-11.23.55.png 488w, https:\/\/grupogea.unex.es\/Brindis\/wordpress\/wp-content\/uploads\/2025\/10\/Captura-de-pantalla-2025-10-08-a-las-11.23.55-212x300.png 212w\" sizes=\"auto, (max-width: 488px) 100vw, 488px\" \/><\/figure>\n\n\n\n<p><strong>18 de Octubre<\/strong> &#8211; Medina de las Torres &#8211; Bohemia Jazz Band.  FFV en  \u00abSobre la Probabil\u00eddad del viajar al pasado\u00bb,  En este evento hablaremos de la historia del jazz, la ciencia y la ciencia ficci\u00f3n, de su pasado y futuro.  Repasaremos algunas leyes de la probabilidad y con juegos repasaremos algunos principios de la tecnolog\u00eda actual.<\/p>\n\n\n\n<p><strong>5 de Octubre<\/strong> &#8211; Puebla de la Calzada, con <strong>Brooklyn Jazz Tr\u00edo <\/strong>&#8211; Parque Municipal, 12:30h. Brooklyn Jazz Trio &#8211; FFV en \u00abHistorIA de La Habitaci\u00f3n China\u00bb.  Ademas de catar los mejores vinos y cavas de la D.O. Ribera del Guadiana, repasaremos la historia del siglo XX de la mano del Jazz y de la Inteligencia Artificial, y responderemos revisaremos algunas preguntas interesantes:  \u00bfTiene alg\u00fan l\u00edmite la IA? \u00bfSuperar\u00e1 a la Inteligencia Humana? \u00bfTiene conciencia la IA?<\/p>\n\n\n\n<figure class=\"wp-block-image size-large is-resized\"><img loading=\"lazy\" decoding=\"async\" width=\"732\" height=\"1024\" src=\"https:\/\/grupogea.unex.es\/Brindis\/wordpress\/wp-content\/uploads\/2025\/10\/Captura-de-pantalla-2025-10-03-a-las-11.26.52-732x1024.png\" alt=\"\" class=\"wp-image-1876\" style=\"width:276px;height:auto\" srcset=\"https:\/\/grupogea.unex.es\/Brindis\/wordpress\/wp-content\/uploads\/2025\/10\/Captura-de-pantalla-2025-10-03-a-las-11.26.52-732x1024.png 732w, https:\/\/grupogea.unex.es\/Brindis\/wordpress\/wp-content\/uploads\/2025\/10\/Captura-de-pantalla-2025-10-03-a-las-11.26.52-214x300.png 214w, https:\/\/grupogea.unex.es\/Brindis\/wordpress\/wp-content\/uploads\/2025\/10\/Captura-de-pantalla-2025-10-03-a-las-11.26.52.png 736w\" sizes=\"auto, (max-width: 732px) 100vw, 732px\" \/><\/figure>\n\n\n\n<p><strong>7 de Septiembre <\/strong>&#8211; Villafranca de los barros, <strong>Bohemia Jazz Band<\/strong> &#8211; FFV en \u00abJugando a no hacer el primo\u00bb.<\/p>\n\n\n\n<figure class=\"wp-block-image size-large is-resized\"><img loading=\"lazy\" decoding=\"async\" width=\"733\" height=\"1024\" src=\"https:\/\/grupogea.unex.es\/Brindis\/wordpress\/wp-content\/uploads\/2025\/08\/Captura-de-pantalla-2025-08-28-a-las-13.00.15-733x1024.png\" alt=\"\" class=\"wp-image-1567\" style=\"width:264px;height:auto\" srcset=\"https:\/\/grupogea.unex.es\/Brindis\/wordpress\/wp-content\/uploads\/2025\/08\/Captura-de-pantalla-2025-08-28-a-las-13.00.15-733x1024.png 733w, https:\/\/grupogea.unex.es\/Brindis\/wordpress\/wp-content\/uploads\/2025\/08\/Captura-de-pantalla-2025-08-28-a-las-13.00.15-215x300.png 215w, https:\/\/grupogea.unex.es\/Brindis\/wordpress\/wp-content\/uploads\/2025\/08\/Captura-de-pantalla-2025-08-28-a-las-13.00.15-768x1073.png 768w, https:\/\/grupogea.unex.es\/Brindis\/wordpress\/wp-content\/uploads\/2025\/08\/Captura-de-pantalla-2025-08-28-a-las-13.00.15.png 986w\" sizes=\"auto, (max-width: 733px) 100vw, 733px\" \/><\/figure>\n\n\n\n<p><strong>13 de Septiembre<\/strong> &#8211; Pinofranqueado, Paseo del R\u00edo, 19:30h &#8211; <strong>Javier Alc\u00e1ntara Tr\u00edo<\/strong> &#8211; FFV en \u00abJugando a no hacer el primo\u00bb.<\/p>\n\n\n\n<figure class=\"wp-block-image size-large is-resized\"><img loading=\"lazy\" decoding=\"async\" width=\"728\" height=\"1024\" src=\"https:\/\/grupogea.unex.es\/Brindis\/wordpress\/wp-content\/uploads\/2025\/08\/Captura-de-pantalla-2025-08-31-a-las-9.43.09-728x1024.png\" alt=\"\" class=\"wp-image-1708\" style=\"width:255px;height:auto\" srcset=\"https:\/\/grupogea.unex.es\/Brindis\/wordpress\/wp-content\/uploads\/2025\/08\/Captura-de-pantalla-2025-08-31-a-las-9.43.09-728x1024.png 728w, https:\/\/grupogea.unex.es\/Brindis\/wordpress\/wp-content\/uploads\/2025\/08\/Captura-de-pantalla-2025-08-31-a-las-9.43.09-213x300.png 213w, https:\/\/grupogea.unex.es\/Brindis\/wordpress\/wp-content\/uploads\/2025\/08\/Captura-de-pantalla-2025-08-31-a-las-9.43.09-768x1080.png 768w, https:\/\/grupogea.unex.es\/Brindis\/wordpress\/wp-content\/uploads\/2025\/08\/Captura-de-pantalla-2025-08-31-a-las-9.43.09.png 870w\" sizes=\"auto, (max-width: 728px) 100vw, 728px\" \/><\/figure>\n\n\n\n<p><strong>15 de Septiembre <\/strong>&#8211; Plasenzuela,  19:30h &#8211; Casa de la Cultura \u00abJuan Ceballos Galeano\u00bb &#8211; <strong>Paco Fern\u00e1ndez Quartet<\/strong> &#8211; y FFV en \u00abSobre la probabilidad de viajar al pasado\u00bb.<\/p>\n\n\n\n<figure class=\"wp-block-image size-full is-resized\"><img loading=\"lazy\" decoding=\"async\" width=\"484\" height=\"694\" src=\"https:\/\/grupogea.unex.es\/Brindis\/wordpress\/wp-content\/uploads\/2025\/09\/Captura-de-pantalla-2025-09-04-a-las-11.18.33.png\" alt=\"\" class=\"wp-image-1749\" style=\"width:255px;height:auto\" srcset=\"https:\/\/grupogea.unex.es\/Brindis\/wordpress\/wp-content\/uploads\/2025\/09\/Captura-de-pantalla-2025-09-04-a-las-11.18.33.png 484w, https:\/\/grupogea.unex.es\/Brindis\/wordpress\/wp-content\/uploads\/2025\/09\/Captura-de-pantalla-2025-09-04-a-las-11.18.33-209x300.png 209w\" sizes=\"auto, (max-width: 484px) 100vw, 484px\" \/><\/figure>\n\n\n\n<p><strong>16 de Septiembre <\/strong>&#8211; Talaveruela De la Vera, 20:30h, Plaza de Espa\u00f1a &#8211; <strong>Paco Fern\u00e1ndez Quartet<\/strong> &#8211; y FFV en \u00abSobre la probabilidad de viajar al pasado\u00bb.<\/p>\n\n\n\n<figure class=\"wp-block-image size-large is-resized\"><img loading=\"lazy\" decoding=\"async\" width=\"731\" height=\"1024\" src=\"https:\/\/grupogea.unex.es\/Brindis\/wordpress\/wp-content\/uploads\/2025\/09\/Captura-de-pantalla-2025-09-06-a-las-9.23.25-731x1024.png\" alt=\"\" class=\"wp-image-1759\" style=\"width:241px;height:auto\" srcset=\"https:\/\/grupogea.unex.es\/Brindis\/wordpress\/wp-content\/uploads\/2025\/09\/Captura-de-pantalla-2025-09-06-a-las-9.23.25-731x1024.png 731w, https:\/\/grupogea.unex.es\/Brindis\/wordpress\/wp-content\/uploads\/2025\/09\/Captura-de-pantalla-2025-09-06-a-las-9.23.25-214x300.png 214w, https:\/\/grupogea.unex.es\/Brindis\/wordpress\/wp-content\/uploads\/2025\/09\/Captura-de-pantalla-2025-09-06-a-las-9.23.25.png 740w\" sizes=\"auto, (max-width: 731px) 100vw, 731px\" \/><\/figure>\n\n\n\n<p><strong>17 de Septiembre<\/strong> &#8211; Don \u00c1lvaro, 20:30h, Plaza de Espa\u00f1a, <strong>Paco Fern\u00e1ndez Quartet<\/strong> &#8211; FFV en \u00abSobre la probabil\u00eddad de viajar al pasado\u00bb.<\/p>\n\n\n\n<figure class=\"wp-block-image size-large is-resized\"><img loading=\"lazy\" decoding=\"async\" width=\"732\" height=\"1024\" src=\"https:\/\/grupogea.unex.es\/Brindis\/wordpress\/wp-content\/uploads\/2025\/09\/Captura-de-pantalla-2025-09-02-a-las-8.25.51-732x1024.png\" alt=\"\" class=\"wp-image-1736\" style=\"width:232px;height:auto\" srcset=\"https:\/\/grupogea.unex.es\/Brindis\/wordpress\/wp-content\/uploads\/2025\/09\/Captura-de-pantalla-2025-09-02-a-las-8.25.51-732x1024.png 732w, https:\/\/grupogea.unex.es\/Brindis\/wordpress\/wp-content\/uploads\/2025\/09\/Captura-de-pantalla-2025-09-02-a-las-8.25.51-214x300.png 214w, https:\/\/grupogea.unex.es\/Brindis\/wordpress\/wp-content\/uploads\/2025\/09\/Captura-de-pantalla-2025-09-02-a-las-8.25.51.png 736w\" sizes=\"auto, (max-width: 732px) 100vw, 732px\" \/><\/figure>\n\n\n\n<p><\/p>\n\n\n\n<p>Fuentes de Le\u00f3n &#8211; Jazz Dimension &#8211; el d\u00eda 18 de Septiembre 2024 &#8211; 20:30h &#8211; FFV en \u00abHistorias peregrinas de la Inteligencia Artificial\u00bb.<\/p>\n\n\n\n<figure class=\"wp-block-image size-large is-resized\"><img loading=\"lazy\" decoding=\"async\" width=\"725\" height=\"1024\" src=\"https:\/\/grupogea.unex.es\/Brindis\/wordpress\/wp-content\/uploads\/2024\/09\/Captura-de-pantalla-2024-09-16-a-las-11.15.53-725x1024.png\" alt=\"\" class=\"wp-image-1417\" style=\"width:242px;height:auto\" srcset=\"https:\/\/grupogea.unex.es\/Brindis\/wordpress\/wp-content\/uploads\/2024\/09\/Captura-de-pantalla-2024-09-16-a-las-11.15.53-725x1024.png 725w, https:\/\/grupogea.unex.es\/Brindis\/wordpress\/wp-content\/uploads\/2024\/09\/Captura-de-pantalla-2024-09-16-a-las-11.15.53-213x300.png 213w, https:\/\/grupogea.unex.es\/Brindis\/wordpress\/wp-content\/uploads\/2024\/09\/Captura-de-pantalla-2024-09-16-a-las-11.15.53-768x1084.png 768w, https:\/\/grupogea.unex.es\/Brindis\/wordpress\/wp-content\/uploads\/2024\/09\/Captura-de-pantalla-2024-09-16-a-las-11.15.53.png 904w\" sizes=\"auto, (max-width: 725px) 100vw, 725px\" \/><\/figure>\n\n\n\n<p>Puebla de la Calzada &#8211; Jazz Dimension &#8211; el d\u00eda 22 de Septiembre 2024 &#8211; 12h &#8211; FFV en \u00abHistorias peregrinas de la Inteligencia Artificial.<\/p>\n\n\n\n<figure class=\"wp-block-image size-large is-resized\"><img loading=\"lazy\" decoding=\"async\" width=\"722\" height=\"1024\" src=\"https:\/\/grupogea.unex.es\/Brindis\/wordpress\/wp-content\/uploads\/2024\/09\/Captura-de-Pantalla-2024-09-07-a-las-9.07.57-722x1024.png\" alt=\"\" class=\"wp-image-1338\" style=\"width:241px;height:auto\" srcset=\"https:\/\/grupogea.unex.es\/Brindis\/wordpress\/wp-content\/uploads\/2024\/09\/Captura-de-Pantalla-2024-09-07-a-las-9.07.57-722x1024.png 722w, https:\/\/grupogea.unex.es\/Brindis\/wordpress\/wp-content\/uploads\/2024\/09\/Captura-de-Pantalla-2024-09-07-a-las-9.07.57-211x300.png 211w, https:\/\/grupogea.unex.es\/Brindis\/wordpress\/wp-content\/uploads\/2024\/09\/Captura-de-Pantalla-2024-09-07-a-las-9.07.57-768x1090.png 768w, https:\/\/grupogea.unex.es\/Brindis\/wordpress\/wp-content\/uploads\/2024\/09\/Captura-de-Pantalla-2024-09-07-a-las-9.07.57.png 854w\" sizes=\"auto, (max-width: 722px) 100vw, 722px\" \/><\/figure>\n\n\n\n<p><\/p>\n\n\n\n<p>Arroyo de la Luz &#8211; Reunion Trio &#8211; FFV en \u00abSobre la probabilidad de viajar al pasado\u00bb &#8211; 9 de Septiembre 2024 &#8211; 21:00h.<\/p>\n\n\n\n<figure class=\"wp-block-image size-large is-resized\"><img loading=\"lazy\" decoding=\"async\" width=\"720\" height=\"1024\" src=\"https:\/\/grupogea.unex.es\/Brindis\/wordpress\/wp-content\/uploads\/2024\/09\/Captura-de-pantalla-2024-09-04-a-las-14.34.53-720x1024.png\" alt=\"\" class=\"wp-image-1213\" style=\"width:258px;height:auto\" srcset=\"https:\/\/grupogea.unex.es\/Brindis\/wordpress\/wp-content\/uploads\/2024\/09\/Captura-de-pantalla-2024-09-04-a-las-14.34.53-720x1024.png 720w, https:\/\/grupogea.unex.es\/Brindis\/wordpress\/wp-content\/uploads\/2024\/09\/Captura-de-pantalla-2024-09-04-a-las-14.34.53-211x300.png 211w, https:\/\/grupogea.unex.es\/Brindis\/wordpress\/wp-content\/uploads\/2024\/09\/Captura-de-pantalla-2024-09-04-a-las-14.34.53-768x1093.png 768w, https:\/\/grupogea.unex.es\/Brindis\/wordpress\/wp-content\/uploads\/2024\/09\/Captura-de-pantalla-2024-09-04-a-las-14.34.53.png 988w\" sizes=\"auto, (max-width: 720px) 100vw, 720px\" \/><\/figure>\n\n\n\n<p>Casar de C\u00e1ceres &#8211; <strong>Madame Jazz<\/strong> &#8211; FFV en \u00abJugando a no hacer el primo\u00bb 8 de Septiembre 2024 &#8211; Plaza de Espa\u00f1a &#8211; 12:30h &#8211; .<\/p>\n\n\n\n<figure class=\"wp-block-image size-large is-resized\"><img loading=\"lazy\" decoding=\"async\" width=\"731\" height=\"1024\" src=\"https:\/\/grupogea.unex.es\/Brindis\/wordpress\/wp-content\/uploads\/2024\/08\/Captura-de-Pantalla-2024-08-26-a-las-9.47.03-731x1024.png\" alt=\"\" class=\"wp-image-1057\" style=\"width:263px;height:auto\" srcset=\"https:\/\/grupogea.unex.es\/Brindis\/wordpress\/wp-content\/uploads\/2024\/08\/Captura-de-Pantalla-2024-08-26-a-las-9.47.03-731x1024.png 731w, https:\/\/grupogea.unex.es\/Brindis\/wordpress\/wp-content\/uploads\/2024\/08\/Captura-de-Pantalla-2024-08-26-a-las-9.47.03-214x300.png 214w, https:\/\/grupogea.unex.es\/Brindis\/wordpress\/wp-content\/uploads\/2024\/08\/Captura-de-Pantalla-2024-08-26-a-las-9.47.03-768x1076.png 768w, https:\/\/grupogea.unex.es\/Brindis\/wordpress\/wp-content\/uploads\/2024\/08\/Captura-de-Pantalla-2024-08-26-a-las-9.47.03.png 852w\" sizes=\"auto, (max-width: 731px) 100vw, 731px\" \/><\/figure>\n\n\n\n<p>Los Santos de Maimona &#8211; <strong>Madame Jazz<\/strong> &#8211; 31 de Agosto 2024 &#8211; Plaza de Espa\u00f1a, a las 21:30h<\/p>\n\n\n\n<figure class=\"wp-block-image size-large is-resized\"><img loading=\"lazy\" decoding=\"async\" width=\"722\" height=\"1024\" src=\"https:\/\/grupogea.unex.es\/Brindis\/wordpress\/wp-content\/uploads\/2024\/08\/Captura-de-pantalla-2024-08-10-a-las-9.25.32-722x1024.png\" alt=\"\" class=\"wp-image-1045\" style=\"width:259px;height:auto\" srcset=\"https:\/\/grupogea.unex.es\/Brindis\/wordpress\/wp-content\/uploads\/2024\/08\/Captura-de-pantalla-2024-08-10-a-las-9.25.32-722x1024.png 722w, https:\/\/grupogea.unex.es\/Brindis\/wordpress\/wp-content\/uploads\/2024\/08\/Captura-de-pantalla-2024-08-10-a-las-9.25.32-211x300.png 211w, https:\/\/grupogea.unex.es\/Brindis\/wordpress\/wp-content\/uploads\/2024\/08\/Captura-de-pantalla-2024-08-10-a-las-9.25.32-768x1090.png 768w, https:\/\/grupogea.unex.es\/Brindis\/wordpress\/wp-content\/uploads\/2024\/08\/Captura-de-pantalla-2024-08-10-a-las-9.25.32.png 902w\" sizes=\"auto, (max-width: 722px) 100vw, 722px\" \/><\/figure>\n\n\n\n<p>Fuente de Cantos &#8211; <strong>Javier Alcantara Quartet<\/strong> &#8211; 29 de Agosto 2024 &#8211; Auditorio Huertas del Hospital &#8211; 21:30h<\/p>\n\n\n\n<figure class=\"wp-block-image size-full is-resized\"><img loading=\"lazy\" decoding=\"async\" width=\"598\" height=\"812\" src=\"https:\/\/grupogea.unex.es\/Brindis\/wordpress\/wp-content\/uploads\/2024\/08\/Captura-de-Pantalla-2024-08-26-a-las-9.25.23.png\" alt=\"\" class=\"wp-image-1053\" style=\"width:262px;height:auto\" srcset=\"https:\/\/grupogea.unex.es\/Brindis\/wordpress\/wp-content\/uploads\/2024\/08\/Captura-de-Pantalla-2024-08-26-a-las-9.25.23.png 598w, https:\/\/grupogea.unex.es\/Brindis\/wordpress\/wp-content\/uploads\/2024\/08\/Captura-de-Pantalla-2024-08-26-a-las-9.25.23-221x300.png 221w\" sizes=\"auto, (max-width: 598px) 100vw, 598px\" \/><\/figure>\n\n\n\n<p>7 de Octubre 2023 &#8211; <strong>Fuentes de Le\u00f3n, Cine Municipal San Vicente.<\/strong> 12:30h<\/p>\n\n\n\n<figure class=\"wp-block-image size-large is-resized\"><img loading=\"lazy\" decoding=\"async\" width=\"724\" height=\"1024\" src=\"https:\/\/grupogea.unex.es\/Brindis\/wordpress\/wp-content\/uploads\/2023\/09\/WhatsApp-Image-2023-09-18-at-10.56.24-724x1024.jpeg\" alt=\"\" class=\"wp-image-835\" style=\"width:255px;height:361px\" srcset=\"https:\/\/grupogea.unex.es\/Brindis\/wordpress\/wp-content\/uploads\/2023\/09\/WhatsApp-Image-2023-09-18-at-10.56.24-724x1024.jpeg 724w, https:\/\/grupogea.unex.es\/Brindis\/wordpress\/wp-content\/uploads\/2023\/09\/WhatsApp-Image-2023-09-18-at-10.56.24-212x300.jpeg 212w, https:\/\/grupogea.unex.es\/Brindis\/wordpress\/wp-content\/uploads\/2023\/09\/WhatsApp-Image-2023-09-18-at-10.56.24-768x1086.jpeg 768w, https:\/\/grupogea.unex.es\/Brindis\/wordpress\/wp-content\/uploads\/2023\/09\/WhatsApp-Image-2023-09-18-at-10.56.24-1087x1536.jpeg 1087w, https:\/\/grupogea.unex.es\/Brindis\/wordpress\/wp-content\/uploads\/2023\/09\/WhatsApp-Image-2023-09-18-at-10.56.24.jpeg 1132w\" sizes=\"auto, (max-width: 724px) 100vw, 724px\" \/><\/figure>\n\n\n\n<p>24 de Septiembre 2023 a las 20:30h en el Parque Municipal de <strong>Puebla de la Calzada<\/strong><\/p>\n\n\n\n<figure class=\"wp-block-image size-large is-resized\"><img loading=\"lazy\" decoding=\"async\" width=\"724\" height=\"1024\" src=\"https:\/\/grupogea.unex.es\/Brindis\/wordpress\/wp-content\/uploads\/2023\/09\/cartel-puebla-724x1024.jpeg\" alt=\"\" class=\"wp-image-778\" style=\"width:237px;height:335px\" srcset=\"https:\/\/grupogea.unex.es\/Brindis\/wordpress\/wp-content\/uploads\/2023\/09\/cartel-puebla-724x1024.jpeg 724w, https:\/\/grupogea.unex.es\/Brindis\/wordpress\/wp-content\/uploads\/2023\/09\/cartel-puebla-212x300.jpeg 212w, https:\/\/grupogea.unex.es\/Brindis\/wordpress\/wp-content\/uploads\/2023\/09\/cartel-puebla-768x1086.jpeg 768w, https:\/\/grupogea.unex.es\/Brindis\/wordpress\/wp-content\/uploads\/2023\/09\/cartel-puebla-1087x1536.jpeg 1087w, https:\/\/grupogea.unex.es\/Brindis\/wordpress\/wp-content\/uploads\/2023\/09\/cartel-puebla.jpeg 1132w\" sizes=\"auto, (max-width: 724px) 100vw, 724px\" \/><\/figure>\n\n\n\n<p><\/p>\n\n\n\n<p>20 de Septiembre de 2023, a las 20:30h, en el Parque Municipal de <strong>Montehermoso<\/strong>.<\/p>\n\n\n\n<figure class=\"wp-block-image size-large is-resized\"><img loading=\"lazy\" decoding=\"async\" width=\"724\" height=\"1024\" src=\"https:\/\/grupogea.unex.es\/Brindis\/wordpress\/wp-content\/uploads\/2023\/09\/cartel-montehermoso-724x1024.jpeg\" alt=\"\" class=\"wp-image-776\" style=\"width:245px;height:346px\" srcset=\"https:\/\/grupogea.unex.es\/Brindis\/wordpress\/wp-content\/uploads\/2023\/09\/cartel-montehermoso-724x1024.jpeg 724w, https:\/\/grupogea.unex.es\/Brindis\/wordpress\/wp-content\/uploads\/2023\/09\/cartel-montehermoso-212x300.jpeg 212w, https:\/\/grupogea.unex.es\/Brindis\/wordpress\/wp-content\/uploads\/2023\/09\/cartel-montehermoso-768x1086.jpeg 768w, https:\/\/grupogea.unex.es\/Brindis\/wordpress\/wp-content\/uploads\/2023\/09\/cartel-montehermoso-1087x1536.jpeg 1087w, https:\/\/grupogea.unex.es\/Brindis\/wordpress\/wp-content\/uploads\/2023\/09\/cartel-montehermoso.jpeg 1132w\" sizes=\"auto, (max-width: 724px) 100vw, 724px\" \/><\/figure>\n\n\n\n<p><\/p>\n\n\n\n<p>12 de Noviembre de 2022, 12h, Navalvillar de Pela.<\/p>\n\n\n\n<figure class=\"wp-block-image size-large is-resized\"><img loading=\"lazy\" decoding=\"async\" width=\"731\" height=\"1024\" src=\"https:\/\/grupogea.unex.es\/Brindis\/wordpress\/wp-content\/uploads\/2022\/10\/2022-10-24-13.13.10-731x1024.jpg\" alt=\"\" class=\"wp-image-581\" style=\"width:238px;height:333px\" srcset=\"https:\/\/grupogea.unex.es\/Brindis\/wordpress\/wp-content\/uploads\/2022\/10\/2022-10-24-13.13.10-731x1024.jpg 731w, https:\/\/grupogea.unex.es\/Brindis\/wordpress\/wp-content\/uploads\/2022\/10\/2022-10-24-13.13.10-214x300.jpg 214w, https:\/\/grupogea.unex.es\/Brindis\/wordpress\/wp-content\/uploads\/2022\/10\/2022-10-24-13.13.10-768x1076.jpg 768w, https:\/\/grupogea.unex.es\/Brindis\/wordpress\/wp-content\/uploads\/2022\/10\/2022-10-24-13.13.10.jpg 914w\" sizes=\"auto, (max-width: 731px) 100vw, 731px\" \/><\/figure>\n\n\n\n<p>25 de Septiembre 2022,<strong> <\/strong>Almendralejo.<\/p>\n\n\n\n<figure class=\"wp-block-image size-large is-resized\"><img loading=\"lazy\" decoding=\"async\" width=\"731\" height=\"1024\" src=\"https:\/\/grupogea.unex.es\/Brindis\/wordpress\/wp-content\/uploads\/2022\/09\/cartel-731x1024.jpeg\" alt=\"\" class=\"wp-image-540\" style=\"width:234px;height:327px\" srcset=\"https:\/\/grupogea.unex.es\/Brindis\/wordpress\/wp-content\/uploads\/2022\/09\/cartel-731x1024.jpeg 731w, https:\/\/grupogea.unex.es\/Brindis\/wordpress\/wp-content\/uploads\/2022\/09\/cartel-214x300.jpeg 214w, https:\/\/grupogea.unex.es\/Brindis\/wordpress\/wp-content\/uploads\/2022\/09\/cartel-768x1076.jpeg 768w, https:\/\/grupogea.unex.es\/Brindis\/wordpress\/wp-content\/uploads\/2022\/09\/cartel-1096x1536.jpeg 1096w, https:\/\/grupogea.unex.es\/Brindis\/wordpress\/wp-content\/uploads\/2022\/09\/cartel.jpeg 1142w\" sizes=\"auto, (max-width: 731px) 100vw, 731px\" \/><\/figure>\n\n\n\n<p>16 de Julio de 2022, Puebla de la Calzada.<\/p>\n\n\n\n<figure class=\"wp-block-image size-large is-resized\"><img loading=\"lazy\" decoding=\"async\" width=\"731\" height=\"1024\" src=\"https:\/\/grupogea.unex.es\/Brindis\/wordpress\/wp-content\/uploads\/2022\/09\/brindis-731x1024.jpeg\" alt=\"\" class=\"wp-image-541\" style=\"width:232px;height:324px\" srcset=\"https:\/\/grupogea.unex.es\/Brindis\/wordpress\/wp-content\/uploads\/2022\/09\/brindis-731x1024.jpeg 731w, https:\/\/grupogea.unex.es\/Brindis\/wordpress\/wp-content\/uploads\/2022\/09\/brindis-214x300.jpeg 214w, https:\/\/grupogea.unex.es\/Brindis\/wordpress\/wp-content\/uploads\/2022\/09\/brindis-768x1076.jpeg 768w, https:\/\/grupogea.unex.es\/Brindis\/wordpress\/wp-content\/uploads\/2022\/09\/brindis-1096x1536.jpeg 1096w, https:\/\/grupogea.unex.es\/Brindis\/wordpress\/wp-content\/uploads\/2022\/09\/brindis.jpeg 1142w\" sizes=\"auto, (max-width: 731px) 100vw, 731px\" \/><\/figure>\n\n\n\n<p>4 de Septiembre de 2021, Villafranca de los Barros.<\/p>\n\n\n\n<figure class=\"wp-block-image size-large is-resized\"><img loading=\"lazy\" decoding=\"async\" width=\"724\" height=\"1024\" src=\"https:\/\/grupogea.unex.es\/Brindis\/wordpress\/wp-content\/uploads\/2022\/06\/BRINDIS-VILLAFRANCA-724x1024.jpg\" alt=\"\" class=\"wp-image-433\" style=\"width:230px;height:325px\" srcset=\"https:\/\/grupogea.unex.es\/Brindis\/wordpress\/wp-content\/uploads\/2022\/06\/BRINDIS-VILLAFRANCA-724x1024.jpg 724w, https:\/\/grupogea.unex.es\/Brindis\/wordpress\/wp-content\/uploads\/2022\/06\/BRINDIS-VILLAFRANCA-212x300.jpg 212w, https:\/\/grupogea.unex.es\/Brindis\/wordpress\/wp-content\/uploads\/2022\/06\/BRINDIS-VILLAFRANCA-768x1086.jpg 768w, https:\/\/grupogea.unex.es\/Brindis\/wordpress\/wp-content\/uploads\/2022\/06\/BRINDIS-VILLAFRANCA-1086x1536.jpg 1086w, https:\/\/grupogea.unex.es\/Brindis\/wordpress\/wp-content\/uploads\/2022\/06\/BRINDIS-VILLAFRANCA.jpg 1131w\" sizes=\"auto, (max-width: 724px) 100vw, 724px\" \/><\/figure>\n\n\n\n<p>3 de Septiembre de 2021, Lob\u00f3n.<\/p>\n\n\n\n<figure class=\"wp-block-image size-large is-resized\"><img loading=\"lazy\" decoding=\"async\" width=\"724\" height=\"1024\" src=\"https:\/\/grupogea.unex.es\/Brindis\/wordpress\/wp-content\/uploads\/2022\/06\/LOBON-724x1024.jpg\" alt=\"\" class=\"wp-image-430\" style=\"width:227px;height:321px\" srcset=\"https:\/\/grupogea.unex.es\/Brindis\/wordpress\/wp-content\/uploads\/2022\/06\/LOBON-724x1024.jpg 724w, https:\/\/grupogea.unex.es\/Brindis\/wordpress\/wp-content\/uploads\/2022\/06\/LOBON-212x300.jpg 212w, https:\/\/grupogea.unex.es\/Brindis\/wordpress\/wp-content\/uploads\/2022\/06\/LOBON-768x1086.jpg 768w, https:\/\/grupogea.unex.es\/Brindis\/wordpress\/wp-content\/uploads\/2022\/06\/LOBON-1086x1536.jpg 1086w, https:\/\/grupogea.unex.es\/Brindis\/wordpress\/wp-content\/uploads\/2022\/06\/LOBON-1448x2048.jpg 1448w, https:\/\/grupogea.unex.es\/Brindis\/wordpress\/wp-content\/uploads\/2022\/06\/LOBON-1568x2218.jpg 1568w, https:\/\/grupogea.unex.es\/Brindis\/wordpress\/wp-content\/uploads\/2022\/06\/LOBON-scaled.jpg 1810w\" sizes=\"auto, (max-width: 724px) 100vw, 724px\" \/><\/figure>\n\n\n\n<p>28 de Agosto de 2021, Almendralejo.<\/p>\n\n\n\n<figure class=\"wp-block-image size-large is-resized\"><img loading=\"lazy\" decoding=\"async\" width=\"724\" height=\"1024\" src=\"https:\/\/grupogea.unex.es\/Brindis\/wordpress\/wp-content\/uploads\/2022\/06\/Almendralejo-724x1024.jpg\" alt=\"\" class=\"wp-image-429\" style=\"width:227px;height:321px\" srcset=\"https:\/\/grupogea.unex.es\/Brindis\/wordpress\/wp-content\/uploads\/2022\/06\/Almendralejo-724x1024.jpg 724w, https:\/\/grupogea.unex.es\/Brindis\/wordpress\/wp-content\/uploads\/2022\/06\/Almendralejo-212x300.jpg 212w, https:\/\/grupogea.unex.es\/Brindis\/wordpress\/wp-content\/uploads\/2022\/06\/Almendralejo-768x1086.jpg 768w, https:\/\/grupogea.unex.es\/Brindis\/wordpress\/wp-content\/uploads\/2022\/06\/Almendralejo-1086x1536.jpg 1086w, https:\/\/grupogea.unex.es\/Brindis\/wordpress\/wp-content\/uploads\/2022\/06\/Almendralejo-1448x2048.jpg 1448w, https:\/\/grupogea.unex.es\/Brindis\/wordpress\/wp-content\/uploads\/2022\/06\/Almendralejo-1568x2218.jpg 1568w, https:\/\/grupogea.unex.es\/Brindis\/wordpress\/wp-content\/uploads\/2022\/06\/Almendralejo-scaled.jpg 1810w\" sizes=\"auto, (max-width: 724px) 100vw, 724px\" \/><\/figure>\n\n\n\n<p>27 de Agosto de 2021, Pinofranqueado.<\/p>\n\n\n\n<figure class=\"wp-block-image size-large is-resized\"><img loading=\"lazy\" decoding=\"async\" width=\"724\" height=\"1024\" src=\"https:\/\/grupogea.unex.es\/Brindis\/wordpress\/wp-content\/uploads\/2022\/06\/pinofranqueado-724x1024.jpg\" alt=\"\" class=\"wp-image-431\" style=\"width:226px;height:319px\" srcset=\"https:\/\/grupogea.unex.es\/Brindis\/wordpress\/wp-content\/uploads\/2022\/06\/pinofranqueado-724x1024.jpg 724w, https:\/\/grupogea.unex.es\/Brindis\/wordpress\/wp-content\/uploads\/2022\/06\/pinofranqueado-212x300.jpg 212w, https:\/\/grupogea.unex.es\/Brindis\/wordpress\/wp-content\/uploads\/2022\/06\/pinofranqueado-768x1086.jpg 768w, https:\/\/grupogea.unex.es\/Brindis\/wordpress\/wp-content\/uploads\/2022\/06\/pinofranqueado-1086x1536.jpg 1086w, https:\/\/grupogea.unex.es\/Brindis\/wordpress\/wp-content\/uploads\/2022\/06\/pinofranqueado-1448x2048.jpg 1448w, https:\/\/grupogea.unex.es\/Brindis\/wordpress\/wp-content\/uploads\/2022\/06\/pinofranqueado-1568x2218.jpg 1568w, https:\/\/grupogea.unex.es\/Brindis\/wordpress\/wp-content\/uploads\/2022\/06\/pinofranqueado-scaled.jpg 1810w\" sizes=\"auto, (max-width: 724px) 100vw, 724px\" \/><\/figure>\n\n\n\n<p>12 de Junio de 2021, Casar de C\u00e1ceres.<\/p>\n\n\n\n<figure class=\"wp-block-image size-large is-resized\"><img loading=\"lazy\" decoding=\"async\" width=\"724\" height=\"1024\" src=\"https:\/\/grupogea.unex.es\/Brindis\/wordpress\/wp-content\/uploads\/2022\/07\/cartel-724x1024.jpeg\" alt=\"\" class=\"wp-image-443\" style=\"width:238px;height:336px\" srcset=\"https:\/\/grupogea.unex.es\/Brindis\/wordpress\/wp-content\/uploads\/2022\/07\/cartel-724x1024.jpeg 724w, https:\/\/grupogea.unex.es\/Brindis\/wordpress\/wp-content\/uploads\/2022\/07\/cartel-212x300.jpeg 212w, https:\/\/grupogea.unex.es\/Brindis\/wordpress\/wp-content\/uploads\/2022\/07\/cartel-768x1086.jpeg 768w, https:\/\/grupogea.unex.es\/Brindis\/wordpress\/wp-content\/uploads\/2022\/07\/cartel-1086x1536.jpeg 1086w, https:\/\/grupogea.unex.es\/Brindis\/wordpress\/wp-content\/uploads\/2022\/07\/cartel.jpeg 1131w\" sizes=\"auto, (max-width: 724px) 100vw, 724px\" \/><\/figure>\n\n\n\n<p>30 de Abril de 2021, C\u00e1ceres.<\/p>\n\n\n\n<figure class=\"wp-block-image size-large is-resized\"><img loading=\"lazy\" decoding=\"async\" width=\"725\" height=\"1024\" src=\"https:\/\/grupogea.unex.es\/Brindis\/wordpress\/wp-content\/uploads\/2022\/07\/Brindis-por-la-cienciav3-redes-725x1024.jpg\" alt=\"\" class=\"wp-image-440\" style=\"width:232px;height:327px\" srcset=\"https:\/\/grupogea.unex.es\/Brindis\/wordpress\/wp-content\/uploads\/2022\/07\/Brindis-por-la-cienciav3-redes-725x1024.jpg 725w, https:\/\/grupogea.unex.es\/Brindis\/wordpress\/wp-content\/uploads\/2022\/07\/Brindis-por-la-cienciav3-redes-212x300.jpg 212w, https:\/\/grupogea.unex.es\/Brindis\/wordpress\/wp-content\/uploads\/2022\/07\/Brindis-por-la-cienciav3-redes-768x1085.jpg 768w, https:\/\/grupogea.unex.es\/Brindis\/wordpress\/wp-content\/uploads\/2022\/07\/Brindis-por-la-cienciav3-redes.jpg 842w\" sizes=\"auto, (max-width: 725px) 100vw, 725px\" \/><\/figure>\n\n\n\n<p><\/p>\n\n\n\n<p>24 de Mayo de 2019, Almendralejo.<\/p>\n\n\n\n<p>9 de Junio de 2018, Santa Marta de los Barros.<\/p>\n\n\n\n<p><\/p>\n\n\n\n<p><\/p>\n\n\n\n<p><\/p>\n\n\n\n<p><\/p>\n\n\n\n<p><\/p>\n\n\n\n<p><\/p>\n","protected":false},"excerpt":{"rendered":"<p>Nos ponemos en marcha para la nueva temporada 2026. 29 de Mayo &#8211; Azuaga &#8211; Badabop Jazz Band. FFV en \u00abSobre la Probabil\u00eddad del viajar al pasado\u00bb, En este evento hablaremos de la historia del jazz, la ciencia y la ciencia ficci\u00f3n, de su pasado y futuro. Repasaremos algunas leyes de la probabilidad y con&hellip; <a class=\"more-link\" href=\"https:\/\/grupogea.unex.es\/Brindis\/wordpress\/proximos-eventos\/\">Seguir leyendo <span class=\"screen-reader-text\">Pr\u00f3ximos Eventos<\/span><\/a><\/p>\n","protected":false},"author":1,"featured_media":0,"parent":0,"menu_order":0,"comment_status":"closed","ping_status":"closed","template":"","meta":{"ngg_post_thumbnail":0,"footnotes":""},"class_list":["post-133","page","type-page","status-publish","hentry","entry"],"_links":{"self":[{"href":"https:\/\/grupogea.unex.es\/Brindis\/wordpress\/wp-json\/wp\/v2\/pages\/133","targetHints":{"allow":["GET"]}}],"collection":[{"href":"https:\/\/grupogea.unex.es\/Brindis\/wordpress\/wp-json\/wp\/v2\/pages"}],"about":[{"href":"https:\/\/grupogea.unex.es\/Brindis\/wordpress\/wp-json\/wp\/v2\/types\/page"}],"author":[{"embeddable":true,"href":"https:\/\/grupogea.unex.es\/Brindis\/wordpress\/wp-json\/wp\/v2\/users\/1"}],"replies":[{"embeddable":true,"href":"https:\/\/grupogea.unex.es\/Brindis\/wordpress\/wp-json\/wp\/v2\/comments?post=133"}],"version-history":[{"count":95,"href":"https:\/\/grupogea.unex.es\/Brindis\/wordpress\/wp-json\/wp\/v2\/pages\/133\/revisions"}],"predecessor-version":[{"id":1994,"href":"https:\/\/grupogea.unex.es\/Brindis\/wordpress\/wp-json\/wp\/v2\/pages\/133\/revisions\/1994"}],"wp:attachment":[{"href":"https:\/\/grupogea.unex.es\/Brindis\/wordpress\/wp-json\/wp\/v2\/media?parent=133"}],"curies":[{"name":"wp","href":"https:\/\/api.w.org\/{rel}","templated":true}]}}